{"id":1548,"date":"2018-12-12T15:10:26","date_gmt":"2018-12-12T15:10:26","guid":{"rendered":"https:\/\/ifpsakana.robertoardanaz.es\/?page_id=1548"},"modified":"2026-03-05T08:40:33","modified_gmt":"2026-03-05T07:40:33","slug":"nivel-2-deportes-de-montana-y-escalada","status":"publish","type":"page","link":"https:\/\/fpsakanalh.educacion.navarra.es\/web\/nivel-2-deportes-de-montana-y-escalada\/","title":{"rendered":"Ciclo Final T\u00e9cnico Deportivo en Media Monta\u00f1a (TD2 Media Monta\u00f1a)"},"content":{"rendered":"<p>[et_pb_section fb_built=\u00bb1&#8243; fullwidth=\u00bbon\u00bb _builder_version=\u00bb3.22.7&#8243;][et_pb_fullwidth_slider show_arrows=\u00bboff\u00bb show_pagination=\u00bboff\u00bb _builder_version=\u00bb3.22.7&#8243; body_font=\u00bb|600|||||||\u00bb background_color=\u00bbrgba(85,156,173,0.5)\u00bb custom_button=\u00bbon\u00bb button_text_color=\u00bb#ffffff\u00bb button_bg_color=\u00bbrgba(85,156,173,0.39)\u00bb button_border_color=\u00bb#559cad\u00bb z_index_tablet=\u00bb500&#8243; button_text_size__hover_enabled=\u00bboff\u00bb button_text_size__hover=\u00bbnull\u00bb button_one_text_size__hover_enabled=\u00bboff\u00bb button_one_text_size__hover=\u00bbnull\u00bb button_two_text_size__hover_enabled=\u00bboff\u00bb button_two_text_size__hover=\u00bbnull\u00bb button_text_color__hover_enabled=\u00bboff\u00bb button_text_color__hover=\u00bbnull\u00bb button_one_text_color__hover_enabled=\u00bboff\u00bb button_one_text_color__hover=\u00bbnull\u00bb button_two_text_color__hover_enabled=\u00bboff\u00bb button_two_text_color__hover=\u00bbnull\u00bb button_border_width__hover_enabled=\u00bboff\u00bb button_border_width__hover=\u00bbnull\u00bb button_one_border_width__hover_enabled=\u00bboff\u00bb button_one_border_width__hover=\u00bbnull\u00bb button_two_border_width__hover_enabled=\u00bboff\u00bb button_two_border_width__hover=\u00bbnull\u00bb button_border_color__hover_enabled=\u00bboff\u00bb button_border_color__hover=\u00bbnull\u00bb button_one_border_color__hover_enabled=\u00bboff\u00bb button_one_border_color__hover=\u00bbnull\u00bb button_two_border_color__hover_enabled=\u00bboff\u00bb button_two_border_color__hover=\u00bbnull\u00bb button_border_radius__hover_enabled=\u00bboff\u00bb button_border_radius__hover=\u00bbnull\u00bb button_one_border_radius__hover_enabled=\u00bboff\u00bb button_one_border_radius__hover=\u00bbnull\u00bb button_two_border_radius__hover_enabled=\u00bboff\u00bb button_two_border_radius__hover=\u00bbnull\u00bb button_letter_spacing__hover_enabled=\u00bboff\u00bb button_letter_spacing__hover=\u00bbnull\u00bb button_one_letter_spacing__hover_enabled=\u00bboff\u00bb button_one_letter_spacing__hover=\u00bbnull\u00bb button_two_letter_spacing__hover_enabled=\u00bboff\u00bb button_two_letter_spacing__hover=\u00bbnull\u00bb button_bg_color__hover_enabled=\u00bboff\u00bb button_bg_color__hover=\u00bbnull\u00bb button_one_bg_color__hover_enabled=\u00bboff\u00bb button_one_bg_color__hover=\u00bbnull\u00bb button_two_bg_color__hover_enabled=\u00bboff\u00bb button_two_bg_color__hover=\u00bbnull\u00bb][et_pb_slide heading=\u00bbCiclo Final de Grado Medio en Media Monta\u00f1a (TD2)\u00bb use_bg_overlay=\u00bbon\u00bb use_text_overlay=\u00bbon\u00bb text_overlay_color=\u00bbrgba(85,156,173,0.67)\u00bb _builder_version=\u00bb3.22.7&#8243; body_font=\u00bb||||||||\u00bb background_image=\u00bbhttps:\/\/fpsakanalh.educacion.navarra.es\/web\/wp-content\/uploads\/2019\/02\/deportivo-media-montana-td2.jpg\u00bb button_on_hover=\u00bbon\u00bb sticky_transition=\u00bbon\u00bb][\/et_pb_slide][\/et_pb_fullwidth_slider][\/et_pb_section][et_pb_section fb_built=\u00bb1&#8243; _builder_version=\u00bb3.22.3&#8243;][et_pb_row _builder_version=\u00bb3.25&#8243; background_size=\u00bbinitial\u00bb background_position=\u00bbtop_left\u00bb background_repeat=\u00bbrepeat\u00bb][et_pb_column type=\u00bb4_4&#8243; _builder_version=\u00bb3.25&#8243; custom_padding=\u00bb|||\u00bb custom_padding__hover=\u00bb|||\u00bb][et_pb_divider show_divider=\u00bboff\u00bb _builder_version=\u00bb3.4.1&#8243; height=\u00bb25px\u00bb][\/et_pb_divider][\/et_pb_column][\/et_pb_row][et_pb_row column_structure=\u00bb2_3,1_3&#8243; _builder_version=\u00bb3.25&#8243; background_size=\u00bbinitial\u00bb background_position=\u00bbtop_left\u00bb background_repeat=\u00bbrepeat\u00bb custom_padding=\u00bb56px|||||\u00bb][et_pb_column type=\u00bb2_3&#8243; _builder_version=\u00bb3.25&#8243; custom_padding=\u00bb|||\u00bb custom_padding__hover=\u00bb|||\u00bb][et_pb_text _builder_version=\u00bb4.9.1&#8243; width=\u00bb100%\u00bb max_width=\u00bb1080px\u00bb custom_margin=\u00bb-4px|||||\u00bb]<\/p>\n<div><\/div>\n<h2><\/h2>\n<p><iframe loading=\"lazy\" title=\"Presentaci\u00f3n Ciclo Media Monta\u00f1a y Escalada\" width=\"1080\" height=\"608\" src=\"https:\/\/www.youtube.com\/embed\/thMTu7doy38?feature=oembed\"  allow=\"accelerometer; autoplay; clipboard-write; encrypted-media; gyroscope; picture-in-picture; web-share\" referrerpolicy=\"strict-origin-when-cross-origin\" allowfullscreen><\/iframe><\/p>\n<h2>Competencia general del Ciclo Final de Grado Medio en Media Monta\u00f1a (TD2 Media Monta\u00f1a)<\/h2>\n<p style=\"text-align: justify\">Consiste en dise\u00f1ar itinerarios, guiar y dinamizar deportistas y usuarios por terrenos de media monta\u00f1a; fomentar y difundir el conocimiento y el respeto del entorno f\u00edsico, patrimonial y humano donde se desarrolla su actividad; gestionar los recursos materiales necesarios para las actividades y coordinar a los t\u00e9cnicos que est\u00e1n a su cargo; organizar actividades de guiado en este medio, todo ello conforme a las directrices establecidas en la programaci\u00f3n de referencia, en condiciones de seguridad y con el nivel \u00f3ptimo de calidad que permita la satisfacci\u00f3n de los deportistas y usuarios participantes en la actividad.<\/p>\n<h2>Ciclo final de Grado Medio en Media Monta\u00f1a (TD2 Media Monta\u00f1a)<\/h2>\n<p style=\"text-align: justify\">Cuando termines este Ciclo Formativo estar\u00e1s cualificado\/a para desarrollar las siguientes actividades profesionales, personales y sociales:<\/p>\n<ul>\n<li style=\"font-weight: 400;text-align: justify\"><span style=\"font-weight: 400\">Dominar las t\u00e9cnicas espec\u00edficas de progresi\u00f3n en media monta\u00f1a estival con el nivel suficiente para el desarrollo de las tareas propias del perfil profesional.<\/span><\/li>\n<li style=\"font-weight: 400;text-align: justify\"><span style=\"font-weight: 400\">Valorar al deportista en funci\u00f3n de su nivel y sus caracter\u00edsticas con el fin de adaptar la actividad de conducci\u00f3n por itinerarios de media monta\u00f1a.<\/span><\/li>\n<li style=\"font-weight: 400;text-align: justify\"><span style=\"font-weight: 400\">Adaptar y concretar los programas de perfeccionamiento de las t\u00e9cnicas espec\u00edficas de orientaci\u00f3n avanzada y de progresi\u00f3n en media monta\u00f1a: vadeo de r\u00edos, pedreras, as\u00ed como las t\u00e9cnicas complementarias de progresi\u00f3n con raquetas, de acuerdo con la programaci\u00f3n general.<\/span><\/li>\n<li style=\"font-weight: 400;text-align: justify\"><span style=\"font-weight: 400\">Atender al deportista y a los usuarios, informando de las caracter\u00edsticas de la actividad, recabando informaci\u00f3n sobre sus motivaciones e intereses y motiv\u00e1ndoles hacia la pr\u00e1ctica del senderismo.<\/span><\/li>\n<li style=\"font-weight: 400;text-align: justify\"><span style=\"font-weight: 400\">Adaptar y concretar la sesi\u00f3n de perfeccionamiento de las t\u00e9cnicas de progresi\u00f3n en media monta\u00f1a, de acuerdo con la programaci\u00f3n de referencia y los recursos humanos y materiales disponibles, teniendo en cuenta la transmisi\u00f3n de valores de pr\u00e1ctica saludable y el respeto y cuidado del propio cuerpo.<\/span><\/li>\n<li style=\"font-weight: 400;text-align: justify\"><span style=\"font-weight: 400\">Dise\u00f1ar programas de iniciaci\u00f3n al senderismo y concretar los itinerarios de senderismo en baja monta\u00f1a, y las actividades l\u00fadicas y de tiempo libre, interpretando la informaci\u00f3n meteorol\u00f3gica, adecu\u00e1ndose al grupo y a las condiciones existentes acordes con los procesos de perfeccionamiento t\u00e9cnico, teniendo en cuenta la transmisi\u00f3n de valores de pr\u00e1ctica saludable y el respeto y cuidado del propio cuerpo y del entorno.<\/span><\/li>\n<li style=\"font-weight: 400;text-align: justify\"><span style=\"font-weight: 400\">Guiar a deportistas y usuarios en itinerarios por senderos balizados de baja y media monta\u00f1a y por espacios naturales acotados, aplicando las t\u00e9cnicas de progresi\u00f3n espec\u00edficas, informando de las caracter\u00edsticas ambientales, etnol\u00f3gicas y patrimoniales del entorno, manteniendo la orientaci\u00f3n, solucionando las contingencias existentes y adapt\u00e1ndose a las condiciones meteorol\u00f3gicas para conseguir la participaci\u00f3n del grupo conforme a los objetivos propuestos, y dentro de las normas medioambientales y los m\u00e1rgenes de seguridad requeridos.<\/span><\/li>\n<li style=\"font-weight: 400;text-align: justify\"><span style=\"font-weight: 400\">Dirigir la sesi\u00f3n de iniciaci\u00f3n y perfeccionamiento de las t\u00e9cnicas espec\u00edficas de progresi\u00f3n y orientaci\u00f3n en media monta\u00f1a, solucionando las contingencias existentes, para conseguir la implicaci\u00f3n y el rendimiento conforme a los objetivos propuestos, dentro de las normas medioambientales y los m\u00e1rgenes de seguridad requeridos.<\/span><\/li>\n<li style=\"font-weight: 400;text-align: justify\"><span style=\"font-weight: 400\">Gestionar el riesgo de las actividades de conducci\u00f3n en baja y media monta\u00f1a estival, parques de aventura acotados e instalaciones de cuerda estables, supervisando las condiciones del terreno, de las instalaciones y medios utilizados y de las condiciones meteorol\u00f3gicas, interviniendo mediante la ayuda o el rescate en las situaciones de riesgo detectadas, y asistiendo como primer interviniente en caso de accidente o situaci\u00f3n de emergencia.<\/span><\/li>\n<li style=\"font-weight: 400;text-align: justify\"><span style=\"font-weight: 400\">Controlar la seguridad en parques de aventura en \u00e1rboles o en estructuras artificiales y durante la pr\u00e1ctica de las actividades, aplicando protocolos establecidos, supervisando los medios individuales utilizados e informando de su uso.<\/span><\/li>\n<li style=\"font-weight: 400;text-align: justify\"><span style=\"font-weight: 400\">Acondicionar, preparar y transportar el equipo individual y colectivo, as\u00ed como los medios y materiales necesarios para el guiado por itinerarios de media monta\u00f1a, garantizando su disponibilidad y seguridad, y respetando la normativa medioambiental.<\/span><\/li>\n<li style=\"font-weight: 400;text-align: justify\"><span style=\"font-weight: 400\">Dise\u00f1ar recorridos y actividades de guiado de personas en media monta\u00f1a con los medios necesarios, concretando los protocolos de seguridad y respetando la normativa medio ambiental vigente.<\/span><\/li>\n<li style=\"font-weight: 400;text-align: justify\"><span style=\"font-weight: 400\">Organizar la pernoctaci\u00f3n en terrenos acotados e instalaciones estables en el medio natural de los grupos, teniendo en cuenta las caracter\u00edsticas de los participantes, de la actividad, y gestionando la seguridad.<\/span><\/li>\n<li style=\"font-weight: 400;text-align: justify\"><span style=\"font-weight: 400\">Organizar y gestionar actividades de guiado por itinerarios de media monta\u00f1a y colaborar e intervenir en la gesti\u00f3n de grandes traves\u00edas estivales o invernales, con el objeto de captar, adherir y fidelizar al deportista a la pr\u00e1ctica del monta\u00f1ismo.<\/span><\/li>\n<li style=\"font-weight: 400;text-align: justify\"><span style=\"font-weight: 400\">Gestionar el riesgo de las actividades de senderismo, supervisando los itinerarios y material utilizados e interviniendo mediante la ayuda en el rescate en las situaciones de riesgo detectadas.<\/span><\/li>\n<li style=\"font-weight: 400;text-align: justify\"><span style=\"font-weight: 400\">Asistir como primer interviniente en caso de accidente o situaci\u00f3n de\u00a0 emergencia.<\/span><\/li>\n<li style=\"font-weight: 400;text-align: justify\"><span style=\"font-weight: 400\">Coordinar a otros t\u00e9cnicos encargados de las actividades de senderismo y conducci\u00f3n por itinerarios en media monta\u00f1a, revisando su programaci\u00f3n y organizando los recursos materiales y humanos, todo ello con el fin de dinamizar y favorecer las relaciones entre dichos t\u00e9cnicos.<\/span><\/li>\n<li style=\"font-weight: 400;text-align: justify\"><span style=\"font-weight: 400\">Evaluar el proceso de perfeccionamiento de las t\u00e9cnicas de progresi\u00f3n y de las actividades de guiado en media monta\u00f1a, recogiendo la informaci\u00f3n necesaria para la elaboraci\u00f3n de juicios y ajustando programas que permitan la mejora permanente de la ense\u00f1anza y de la conducci\u00f3n.<\/span><\/li>\n<li style=\"font-weight: 400;text-align: justify\"><span style=\"font-weight: 400\">Organizar y dinamizar actividades de tiempo libre, en el marco de la programaci\u00f3n general de las actividades de senderismo y de media monta\u00f1a estival, transmitiendo a trav\u00e9s del comportamiento \u00e9tico personal valores vinculados con el juego limpio, el respeto a los dem\u00e1s y al entorno y el respeto y cuidado del propio cuerpo.<\/span><\/li>\n<li style=\"font-weight: 400;text-align: justify\"><span style=\"font-weight: 400\">Colaborar e intervenir en la organizaci\u00f3n y gesti\u00f3n de actividades de senderismo y actividades realizadas en parques de aventura en \u00e1rboles o en estructuras artificiales, con el objeto de captar, adherir y fidelizar al deportista y al usuario en la pr\u00e1ctica de las actividades relacionadas con los deportes de monta\u00f1a.<\/span><\/li>\n<li style=\"font-weight: 400;text-align: justify\"><span style=\"font-weight: 400\">Valorar el desarrollo del guiado y de las actividades de tiempo libre y de educaci\u00f3n medioambiental, recogiendo y procesando la informaci\u00f3n necesaria para la elaboraci\u00f3n de juicios que permitan el ajuste y mejora permanente de las actividades realizadas.<\/span><\/li>\n<li style=\"font-weight: 400;text-align: justify\"><span style=\"font-weight: 400\">Transmitir a trav\u00e9s del comportamiento \u00e9tico personal valores vinculados al respeto a los dem\u00e1s y al cuidado del propio cuerpo, as\u00ed como el respeto del entorno natural, patrimonial y humano inherente a la actividad del senderismo y acampada.<\/span><\/li>\n<li style=\"font-weight: 400;text-align: justify\"><span style=\"font-weight: 400\">Mantener el esp\u00edritu de responsabilidad individual, esfuerzo personal e innovaci\u00f3n en el \u00e1mbito de su labor como t\u00e9cnico deportivo.<\/span><\/li>\n<li style=\"font-weight: 400;text-align: justify\"><span style=\"font-weight: 400\">Mantener la iniciativa y autonom\u00eda dentro del trabajo en equipo para el desempe\u00f1o de sus funciones.<\/span><\/li>\n<li style=\"font-weight: 400;text-align: justify\"><span style=\"font-weight: 400\">Transmitir el valor social de los elementos singulares propios y caracter\u00edsticos del entorno geogr\u00e1fico, natural, patrimonial y humano en que se desarrolla su actividad.<\/span><\/li>\n<\/ul>\n<p>[\/et_pb_text][\/et_pb_column][et_pb_column type=\u00bb1_3&#8243; _builder_version=\u00bb3.25&#8243; custom_padding=\u00bb|||\u00bb custom_padding__hover=\u00bb|||\u00bb][et_pb_text admin_label=\u00bbInscripciones deportes\u00bb _builder_version=\u00bb4.9.1&#8243; header_3_font_size=\u00bb16px\u00bb background_color=\u00bbrgba(85,156,173,0.47)\u00bb custom_margin=\u00bb||30px|||\u00bb custom_padding=\u00bb43px|50px|13px|50px||\u00bb z_index_tablet=\u00bb500&#8243; saved_tabs=\u00bball\u00bb]<\/p>\n<div>\n<div>\n<p><strong>CURSO 2026-2027:<\/strong><\/p>\n<ul>\n<li><span style=\"color: #3366ff\"><a style=\"color: #3366ff\" href=\"https:\/\/fpsakanalh.educacion.navarra.es\/web\/tecnico-deportivo-en-media-montana-y-escalada\/\" target=\"_blank\" rel=\"noopener\">Inscripci\u00f3n Pruebas de Acceso Espec\u00edficas<\/a>:<\/span> <strong>Del 13 al 20 de marzo de 2026\u00a0<\/strong><\/li>\n<li><span style=\"color: #3366ff\"><a style=\"color: #3366ff\" href=\"https:\/\/fpsakanalh.educacion.navarra.es\/web\/tecnico-deportivo-en-media-montana-y-escalada\/\" target=\"_blank\" rel=\"noopener\">Inscripci\u00f3n Formaci\u00f3n:<\/a><\/span><strong><span style=\"color: #808080\"> pendiente de publicar<\/span><\/strong><\/li>\n<li><a href=\"https:\/\/docs.google.com\/spreadsheets\/d\/1dEsvrIIqOhGk5MBWvcl-k9r0svo4pAG4oraIg1_WGOA\/edit?pli=1&amp;gid=1357569984#gid=1357569984\"><strong>Calendario escolar26-27 <\/strong><\/a>\u00a0<strong><span style=\"color: #808080\">Pendiente de Publicar<\/span><\/strong><\/li>\n<\/ul>\n<\/div>\n<\/div>\n<div><\/div>\n<p>[\/et_pb_text][et_pb_divider show_divider=\u00bboff\u00bb _builder_version=\u00bb3.4.1&#8243; height=\u00bb25px\u00bb][\/et_pb_divider][et_pb_text _builder_version=\u00bb3.27.4&#8243; background_color=\u00bbrgba(85,156,173,0.47)\u00bb custom_padding=\u00bb50px|50px|50px|50px\u00bb]<\/p>\n<div><strong>M\u00d3DULOS DEL CICLO<\/strong><\/div>\n<div>\n<p><strong>Bloque com\u00fan:<\/strong><\/p>\n<ul>\n<li><span style=\"font-size: small\">Bases del aprendizaje deportivo.<\/span><\/li>\n<li><span style=\"font-size: small\">Bases del entrenamiento deportivo.<\/span><\/li>\n<li><span style=\"font-size: small\">Deporte adaptado y discapacidad.<\/span><\/li>\n<li><span style=\"font-size: small\">Organizaci\u00f3n y legislaci\u00f3n deportiva.<\/span><\/li>\n<li><span style=\"font-size: small\">G\u00e9nero y deporte.<\/span><\/li>\n<\/ul>\n<p><strong>Bloque espec\u00edfico:<\/strong><\/p>\n<ul>\n<li><span style=\"font-size: small\">Escuela de senderismo.<\/span><\/li>\n<li><span style=\"font-size: small\">Perfeccionamiento t\u00e9cnico en media monta\u00f1a estival.<\/span><\/li>\n<li><span style=\"font-size: small\">Guiado y orientaci\u00f3n en media monta\u00f1a.<\/span><\/li>\n<li><span style=\"font-size: small\">Perfeccionamiento t\u00e9cnico en terreno nevado tipo n\u00f3rdico.<\/span><\/li>\n<li><span style=\"font-size: small\">Guiado en terreno nevado tipo n\u00f3rdico y grandes traves\u00edas.<\/span><\/li>\n<li><span style=\"font-size: small\">Formaci\u00f3n pr\u00e1ctica.<\/span><\/li>\n<\/ul>\n<p><strong>INFORMACI\u00d3N DETALLADA<\/strong><\/p>\n<ul>\n<li><span style=\"color: #0091f2\"><a style=\"color: #0091f2\" href=\"https:\/\/docs.google.com\/document\/d\/1BlLs8lCTek7Oyumgp59-MV_cLqTPq8N1A5Hf24YGmWU\/edit?usp=sharing\"><strong>Especificaciones 2\u00ba curso<\/strong><\/a><\/span><\/li>\n<\/ul>\n<\/div>\n<p>[\/et_pb_text][\/et_pb_column][\/et_pb_row][et_pb_row _builder_version=\u00bb3.25&#8243; background_size=\u00bbinitial\u00bb background_position=\u00bbtop_left\u00bb background_repeat=\u00bbrepeat\u00bb][et_pb_column type=\u00bb4_4&#8243; _builder_version=\u00bb3.25&#8243; custom_padding=\u00bb|||\u00bb custom_padding__hover=\u00bb|||\u00bb][et_pb_divider show_divider=\u00bboff\u00bb _builder_version=\u00bb3.4.1&#8243; height=\u00bb25px\u00bb][\/et_pb_divider][et_pb_text _builder_version=\u00bb3.27.4&#8243; width=\u00bb80%\u00bb max_width=\u00bb1080px\u00bb]<\/p>\n<h2 style=\"text-align: center\">\u00bfQU\u00c9 DEBES TENER EN CUENTA?<\/h2>\n<div style=\"text-align: center\">\n<p>Este t\u00edtulo acredita la adquisici\u00f3n de los conocimientos y las competencias profesionales suficientes, para asumir sus responsabilidades de forma aut\u00f3noma o en el seno de un organismo p\u00fablico o empresa privada.<br \/>\nEjercer\u00e1 su actividad en el \u00e1mbito de la conducci\u00f3n y el acompa\u00f1amiento en baja y media monta\u00f1a y la organizaci\u00f3n de actividades de monta\u00f1ismos. Se excluye expresamente de su \u00e1mbito de actuaci\u00f3n los glaciares y terrenos que necesitan para la progresi\u00f3n el empleo de t\u00e9cnicas y la utilizaci\u00f3n de material de alpinismo, escalada, esqu\u00ed o descenso de barrancos.<\/p>\n<p>Los distintos tipos de entidades o empresas donde pueden desarrollar sus funciones son:<\/p>\n<\/div>\n<div style=\"text-align: center\"><\/div>\n<p>[\/et_pb_text][et_pb_divider show_divider=\u00bboff\u00bb _builder_version=\u00bb3.4.1&#8243; height=\u00bb25px\u00bb][\/et_pb_divider][\/et_pb_column][\/et_pb_row][et_pb_row column_structure=\u00bb1_3,1_3,1_3&#8243; _builder_version=\u00bb3.25&#8243;][et_pb_column type=\u00bb1_3&#8243; _builder_version=\u00bb3.25&#8243; custom_padding=\u00bb|||\u00bb custom_padding__hover=\u00bb|||\u00bb][et_pb_blurb title=\u00bbEscuelas y centros de iniciaci\u00f3n deportiva.\u00bb use_icon=\u00bbon\u00bb font_icon=\u00bb%%45%%\u00bb icon_color=\u00bb#ffffff\u00bb use_circle=\u00bbon\u00bb icon_placement=\u00bbleft\u00bb admin_label=\u00bbEscuelas y centros de iniciaci\u00f3n deportiva.\u00bb _builder_version=\u00bb3.4.1&#8243;][\/et_pb_blurb][et_pb_blurb title=\u00bbClubes o asociaciones deportivas.\u00bb use_icon=\u00bbon\u00bb font_icon=\u00bb%%45%%\u00bb icon_color=\u00bb#ffffff\u00bb use_circle=\u00bbon\u00bb icon_placement=\u00bbleft\u00bb admin_label=\u00bbClubes o asociaciones deportivas.\u00bb _builder_version=\u00bb3.4.1&#8243;][\/et_pb_blurb][\/et_pb_column][et_pb_column type=\u00bb1_3&#8243; _builder_version=\u00bb3.25&#8243; custom_padding=\u00bb|||\u00bb custom_padding__hover=\u00bb|||\u00bb][et_pb_blurb title=\u00bbFederaciones de Deportes de Monta\u00f1a y Escalada.\u00bb use_icon=\u00bbon\u00bb font_icon=\u00bb%%45%%\u00bb icon_color=\u00bb#ffffff\u00bb use_circle=\u00bbon\u00bb icon_placement=\u00bbleft\u00bb admin_label=\u00bbFederaciones de Deportes de Monta\u00f1a y Escalada.\u00bb _builder_version=\u00bb3.4.1&#8243;][\/et_pb_blurb][et_pb_blurb title=\u00bbPatronatos deportivos.\u00bb use_icon=\u00bbon\u00bb font_icon=\u00bb%%45%%\u00bb icon_color=\u00bb#ffffff\u00bb use_circle=\u00bbon\u00bb icon_placement=\u00bbleft\u00bb admin_label=\u00bbPatronatos deportivos.\u00bb _builder_version=\u00bb3.4.1&#8243;][\/et_pb_blurb][\/et_pb_column][et_pb_column type=\u00bb1_3&#8243; _builder_version=\u00bb3.25&#8243; custom_padding=\u00bb|||\u00bb custom_padding__hover=\u00bb|||\u00bb][et_pb_blurb title=\u00bbEmpresas de servicios deportivos.\u00bb use_icon=\u00bbon\u00bb font_icon=\u00bb%%45%%\u00bb icon_color=\u00bb#ffffff\u00bb use_circle=\u00bbon\u00bb icon_placement=\u00bbleft\u00bb admin_label=\u00bbEmpresas de servicios deportivos.\u00bb _builder_version=\u00bb3.4.1&#8243;][\/et_pb_blurb][et_pb_blurb title=\u00bbCentros escolares (actividades extraescolares). \u00bb use_icon=\u00bbon\u00bb font_icon=\u00bb%%45%%\u00bb icon_color=\u00bb#ffffff\u00bb use_circle=\u00bbon\u00bb icon_placement=\u00bbleft\u00bb admin_label=\u00bbCentros escolares (actividades extraescolares). \u00bb _builder_version=\u00bb3.4.1&#8243;][\/et_pb_blurb][\/et_pb_column][\/et_pb_row][\/et_pb_section][et_pb_section fb_built=\u00bb1&#8243; _builder_version=\u00bb3.22.7&#8243; z_index_tablet=\u00bb500&#8243;][et_pb_row _builder_version=\u00bb3.25&#8243; background_size=\u00bbinitial\u00bb background_position=\u00bbtop_left\u00bb background_repeat=\u00bbrepeat\u00bb][et_pb_column type=\u00bb4_4&#8243; _builder_version=\u00bb3.25&#8243; custom_padding=\u00bb|||\u00bb custom_padding__hover=\u00bb|||\u00bb][et_pb_divider show_divider=\u00bboff\u00bb _builder_version=\u00bb3.4.1&#8243; height=\u00bb2px\u00bb box_shadow_style=\u00bbpreset1&#8243; box_shadow_color=\u00bbrgba(0,0,0,0.62)\u00bb saved_tabs=\u00bball\u00bb][\/et_pb_divider][et_pb_divider show_divider=\u00bboff\u00bb _builder_version=\u00bb3.22.2&#8243;][\/et_pb_divider][\/et_pb_column][\/et_pb_row][et_pb_row column_structure=\u00bb1_5,1_5,1_5,1_5,1_5&#8243; disabled_on=\u00bb||off\u00bb _builder_version=\u00bb3.25&#8243; background_size=\u00bbinitial\u00bb background_position=\u00bbtop_left\u00bb background_repeat=\u00bbrepeat\u00bb][et_pb_column type=\u00bb1_5&#8243; _builder_version=\u00bb3.25&#8243; custom_padding=\u00bb|||\u00bb custom_padding__hover=\u00bb|||\u00bb][et_pb_blurb title=\u00bbSello Centro Excelente\u00bb url=\u00bbhttps:\/\/sites.google.com\/a\/educacion.navarra.es\/kadinet\/\u00bb url_new_window=\u00bbon\u00bb image=\u00bbhttps:\/\/fpsakanalh.educacion.navarra.es\/web\/wp-content\/uploads\/2021\/12\/CENTRO-EXCELENTE-10-scaled.jpg\u00bb admin_label=\u00bbSello Centro Excelente\u00bb _builder_version=\u00bb4.9.1&#8243; header_text_align=\u00bbcenter\u00bb link_option_url=\u00bbhttps:\/\/sites.google.com\/a\/educacion.navarra.es\/kadinet\/\u00bb link_option_url_new_window=\u00bbon\u00bb z_index_tablet=\u00bb500&#8243;][\/et_pb_blurb][\/et_pb_column][et_pb_column type=\u00bb1_5&#8243; _builder_version=\u00bb3.25&#8243; custom_padding=\u00bb|||\u00bb custom_padding__hover=\u00bb|||\u00bb][et_pb_blurb title=\u00bbFondo Social Europeo\u00bb url=\u00bbhttps:\/\/ec.europa.eu\/social\/main.jsp?langId=es&amp;catId=325&#8243; url_new_window=\u00bbon\u00bb image=\u00bbhttps:\/\/fpsakanalh.educacion.navarra.es\/web\/wp-content\/uploads\/2019\/05\/fse-e1556830246216.jpg\u00bb admin_label=\u00bbFondo Social Europeo\u00bb _builder_version=\u00bb3.22.7&#8243; header_text_align=\u00bbcenter\u00bb link_option_url=\u00bbhttps:\/\/ec.europa.eu\/social\/main.jsp?langId=es&amp;catId=325&#8243; link_option_url_new_window=\u00bbon\u00bb z_index_tablet=\u00bb500&#8243;][\/et_pb_blurb][\/et_pb_column][et_pb_column type=\u00bb1_5&#8243; _builder_version=\u00bb3.25&#8243; custom_padding=\u00bb|||\u00bb custom_padding__hover=\u00bb|||\u00bb][et_pb_blurb title=\u00bbPrograma Erasmus+\u00bb url=\u00bbhttps:\/\/fpsakanalh.educacion.navarra.es\/web\/erasmus\/\u00bb url_new_window=\u00bbon\u00bb image=\u00bbhttps:\/\/fpsakanalh.educacion.navarra.es\/web\/wp-content\/uploads\/2019\/04\/erasmus-e1556625766679.png\u00bb admin_label=\u00bbPrograma Erasmus+\u00bb _builder_version=\u00bb3.22.7&#8243; text_orientation=\u00bbcenter\u00bb link_option_url=\u00bbhttps:\/\/fpsakanalh.educacion.navarra.es\/web\/erasmus\/\u00bb link_option_url_new_window=\u00bbon\u00bb z_index_tablet=\u00bb500&#8243;][\/et_pb_blurb][\/et_pb_column][et_pb_column type=\u00bb1_5&#8243; _builder_version=\u00bb3.25&#8243; custom_padding=\u00bb|||\u00bb custom_padding__hover=\u00bb|||\u00bb][et_pb_blurb title=\u00bbPrograma Skolae\u00bb url=\u00bbhttps:\/\/www.educacion.navarra.es\/web\/dpto\/programa-skolae\u00bb url_new_window=\u00bbon\u00bb image=\u00bbhttps:\/\/fpsakanalh.educacion.navarra.es\/web\/wp-content\/uploads\/2019\/04\/SKOLAE_Logo_Color-ancho-160.jpg\u00bb alt=\u00bbPrograma Skolae\u00bb admin_label=\u00bbPrograma Skolae\u00bb _builder_version=\u00bb3.22.7&#8243; header_text_align=\u00bbcenter\u00bb link_option_url=\u00bbhttps:\/\/www.educacion.navarra.es\/web\/dpto\/programa-skolae\u00bb link_option_url_new_window=\u00bbon\u00bb z_index_tablet=\u00bb500&#8243;][\/et_pb_blurb][\/et_pb_column][et_pb_column type=\u00bb1_5&#8243; _builder_version=\u00bb3.25&#8243; custom_padding=\u00bb|||\u00bb custom_padding__hover=\u00bb|||\u00bb][et_pb_blurb title=\u00bbPrograma Kimua\u00bb url=\u00bbhttps:\/\/sites.google.com\/educacion.navarra.es\/acbp-en-fp\/inicio\u00bb url_new_window=\u00bbon\u00bb image=\u00bbhttps:\/\/fpsakanalh.educacion.navarra.es\/web\/wp-content\/uploads\/2019\/05\/kimualogo-e1556830690707.png\u00bb admin_label=\u00bbPrograma Kimua\u00bb _builder_version=\u00bb3.22.7&#8243; header_text_align=\u00bbcenter\u00bb background_color=\u00bb#ffffff\u00bb link_option_url=\u00bbhttps:\/\/sites.google.com\/educacion.navarra.es\/acbp-en-fp\/inicio\u00bb link_option_url_new_window=\u00bbon\u00bb z_index_tablet=\u00bb500&#8243;][\/et_pb_blurb][\/et_pb_column][\/et_pb_row][et_pb_row column_structure=\u00bb1_4,1_4,1_4,1_4&#8243; _builder_version=\u00bb3.25&#8243;][et_pb_column type=\u00bb1_4&#8243; _builder_version=\u00bb3.25&#8243; custom_padding=\u00bb|||\u00bb custom_padding__hover=\u00bb|||\u00bb][et_pb_blurb title=\u00bbCoeducaci\u00f3n Menci\u00f3n Especial Mejores Pr\u00e1cticas 2011&#8243; url=\u00bbhttp:\/\/coeducando.educacion.navarra.es\/\u00bb url_new_window=\u00bbon\u00bb image=\u00bbhttps:\/\/fpsakanalh.educacion.navarra.es\/web\/wp-content\/uploads\/2019\/04\/coeducandomencion2011-ancho-160.jpg\u00bb admin_label=\u00bbCoeducaci\u00f3n Menci\u00f3n Especial 2011&#8243; _builder_version=\u00bb3.22.7&#8243; header_text_align=\u00bbcenter\u00bb link_option_url=\u00bbhttp:\/\/coeducando.educacion.navarra.es\/\u00bb link_option_url_new_window=\u00bbon\u00bb z_index_tablet=\u00bb500&#8243;].[\/et_pb_blurb][\/et_pb_column][et_pb_column type=\u00bb1_4&#8243; _builder_version=\u00bb3.25&#8243; custom_padding=\u00bb|||\u00bb custom_padding__hover=\u00bb|||\u00bb][et_pb_blurb title=\u00bbCoeducaci\u00f3n Tercer Premio 2013&#8243; url=\u00bbhttp:\/\/coeducando.educacion.navarra.es\/\u00bb url_new_window=\u00bbon\u00bb image=\u00bbhttps:\/\/fpsakanalh.educacion.navarra.es\/web\/wp-content\/uploads\/2019\/04\/premiocoeducando-ancho-125.jpg\u00bb admin_label=\u00bbCoeducaci\u00f3n Tercer Premio 2013&#8243; _builder_version=\u00bb3.22.7&#8243; header_text_align=\u00bbcenter\u00bb link_option_url=\u00bbhttp:\/\/coeducando.educacion.navarra.es\/\u00bb link_option_url_new_window=\u00bbon\u00bb z_index_tablet=\u00bb500&#8243;][\/et_pb_blurb][\/et_pb_column][et_pb_column type=\u00bb1_4&#8243; _builder_version=\u00bb3.25&#8243; custom_padding=\u00bb|||\u00bb custom_padding__hover=\u00bb|||\u00bb][et_pb_blurb title=\u00bbPremio Aprendizaje-Servicio 2017 Solidaridad y Derechos Humanos Formaci\u00f3n Profesional\u00bb url=\u00bbhttps:\/\/redayssnavarra.org\/\u00bb url_new_window=\u00bbon\u00bb image=\u00bbhttps:\/\/fpsakanalh.educacion.navarra.es\/web\/wp-content\/uploads\/2019\/04\/Premio-Aps-2017-Solidaridad-y-Derechos-Humanos-Formaci\u00f3n-Profesional.jpg\u00bb admin_label=\u00bbPremio Aprendizaje-Servicio 2017&#8243; _builder_version=\u00bb3.22.7&#8243; header_text_align=\u00bbcenter\u00bb link_option_url=\u00bbhttps:\/\/redayssnavarra.org\/\u00bb link_option_url_new_window=\u00bbon\u00bb z_index_tablet=\u00bb500&#8243;][\/et_pb_blurb][\/et_pb_column][et_pb_column type=\u00bb1_4&#8243; _builder_version=\u00bb3.25&#8243; custom_padding=\u00bb|||\u00bb custom_padding__hover=\u00bb|||\u00bb][et_pb_blurb title=\u00bbAsociaci\u00f3n Espa\u00f1ola de Gu\u00edas de Monta\u00f1a<br \/>\n\u00bb url=\u00bbhttp:\/\/www.aegm.org\/\u00bb url_new_window=\u00bbon\u00bb image=\u00bbhttps:\/\/fpsakanalh.educacion.navarra.es\/web\/wp-content\/uploads\/2021\/04\/AEGM.jpg\u00bb admin_label=\u00bbPremio Aprendizaje-Servicio 2017&#8243; _builder_version=\u00bb4.9.1&#8243; header_text_align=\u00bbcenter\u00bb link_option_url=\u00bbhttps:\/\/redayssnavarra.org\/\u00bb link_option_url_new_window=\u00bbon\u00bb z_index_tablet=\u00bb500&#8243; locked=\u00bboff\u00bb][\/et_pb_blurb][et_pb_blurb title=\u00bbUnion of International Mountain Leader Associations\u00bb url=\u00bbhttp:\/\/www.aegm.org\/\u00bb url_new_window=\u00bbon\u00bb image=\u00bbhttps:\/\/fpsakanalh.educacion.navarra.es\/web\/wp-content\/uploads\/2021\/10\/unnamed.jpg\u00bb admin_label=\u00bbPremio Aprendizaje-Servicio 2017&#8243; _builder_version=\u00bb4.9.1&#8243; header_text_align=\u00bbcenter\u00bb link_option_url=\u00bbhttps:\/\/redayssnavarra.org\/\u00bb link_option_url_new_window=\u00bbon\u00bb z_index_tablet=\u00bb500&#8243; locked=\u00bboff\u00bb][\/et_pb_blurb][\/et_pb_column][\/et_pb_row][\/et_pb_section]<\/p>\n","protected":false},"excerpt":{"rendered":"<p>[et_pb_section fb_built=\u00bb1&#8243; fullwidth=\u00bbon\u00bb _builder_version=\u00bb3.22.7&#8243;][et_pb_fullwidth_slider show_arrows=\u00bboff\u00bb show_pagination=\u00bboff\u00bb _builder_version=\u00bb3.22.7&#8243; body_font=\u00bb|600|||||||\u00bb background_color=\u00bbrgba(85,156,173,0.5)\u00bb custom_button=\u00bbon\u00bb button_text_color=\u00bb#ffffff\u00bb button_bg_color=\u00bbrgba(85,156,173,0.39)\u00bb button_border_color=\u00bb#559cad\u00bb z_index_tablet=\u00bb500&#8243; button_text_size__hover_enabled=\u00bboff\u00bb button_text_size__hover=\u00bbnull\u00bb button_one_text_size__hover_enabled=\u00bboff\u00bb button_one_text_size__hover=\u00bbnull\u00bb button_two_text_size__hover_enabled=\u00bboff\u00bb button_two_text_size__hover=\u00bbnull\u00bb button_text_color__hover_enabled=\u00bboff\u00bb button_text_color__hover=\u00bbnull\u00bb button_one_text_color__hover_enabled=\u00bboff\u00bb button_one_text_color__hover=\u00bbnull\u00bb button_two_text_color__hover_enabled=\u00bboff\u00bb button_two_text_color__hover=\u00bbnull\u00bb button_border_width__hover_enabled=\u00bboff\u00bb button_border_width__hover=\u00bbnull\u00bb button_one_border_width__hover_enabled=\u00bboff\u00bb button_one_border_width__hover=\u00bbnull\u00bb button_two_border_width__hover_enabled=\u00bboff\u00bb button_two_border_width__hover=\u00bbnull\u00bb button_border_color__hover_enabled=\u00bboff\u00bb button_border_color__hover=\u00bbnull\u00bb button_one_border_color__hover_enabled=\u00bboff\u00bb button_one_border_color__hover=\u00bbnull\u00bb button_two_border_color__hover_enabled=\u00bboff\u00bb button_two_border_color__hover=\u00bbnull\u00bb button_border_radius__hover_enabled=\u00bboff\u00bb button_border_radius__hover=\u00bbnull\u00bb button_one_border_radius__hover_enabled=\u00bboff\u00bb button_one_border_radius__hover=\u00bbnull\u00bb button_two_border_radius__hover_enabled=\u00bboff\u00bb button_two_border_radius__hover=\u00bbnull\u00bb button_letter_spacing__hover_enabled=\u00bboff\u00bb button_letter_spacing__hover=\u00bbnull\u00bb button_one_letter_spacing__hover_enabled=\u00bboff\u00bb button_one_letter_spacing__hover=\u00bbnull\u00bb button_two_letter_spacing__hover_enabled=\u00bboff\u00bb button_two_letter_spacing__hover=\u00bbnull\u00bb button_bg_color__hover_enabled=\u00bboff\u00bb button_bg_color__hover=\u00bbnull\u00bb button_one_bg_color__hover_enabled=\u00bboff\u00bb button_one_bg_color__hover=\u00bbnull\u00bb button_two_bg_color__hover_enabled=\u00bboff\u00bb [&hellip;]<\/p>\n","protected":false},"author":1,"featured_media":0,"parent":0,"menu_order":0,"comment_status":"closed","ping_status":"closed","template":"","meta":{"_et_pb_use_builder":"on","_et_pb_old_content":"","_et_gb_content_width":""},"yoast_head":"<!-- This site is optimized with the Yoast SEO plugin v19.13 - https:\/\/yoast.com\/wordpress\/plugins\/seo\/ -->\n<title>Ciclo Final T\u00e9cnico Deportivo en Media Monta\u00f1a (TD2 Media Monta\u00f1a) - CIP Sakana<\/title>\n<meta name=\"robots\" content=\"index, follow, max-snippet:-1, max-image-preview:large, max-video-preview:-1\" \/>\n<link rel=\"canonical\" href=\"https:\/\/fpsakanalh.educacion.navarra.es\/web\/nivel-2-deportes-de-montana-y-escalada\/\" \/>\n<meta property=\"og:locale\" content=\"es_ES\" \/>\n<meta property=\"og:type\" content=\"article\" \/>\n<meta property=\"og:title\" content=\"Ciclo Final T\u00e9cnico Deportivo en Media Monta\u00f1a (TD2 Media Monta\u00f1a) - CIP Sakana\" \/>\n<meta property=\"og:description\" content=\"[et_pb_section fb_built=\u00bb1&#8243; fullwidth=\u00bbon\u00bb _builder_version=\u00bb3.22.7&#8243;][et_pb_fullwidth_slider show_arrows=\u00bboff\u00bb show_pagination=\u00bboff\u00bb _builder_version=\u00bb3.22.7&#8243; body_font=\u00bb|600|||||||\u00bb background_color=\u00bbrgba(85,156,173,0.5)\u00bb custom_button=\u00bbon\u00bb button_text_color=\u00bb#ffffff\u00bb button_bg_color=\u00bbrgba(85,156,173,0.39)\u00bb button_border_color=\u00bb#559cad\u00bb z_index_tablet=\u00bb500&#8243; button_text_size__hover_enabled=\u00bboff\u00bb button_text_size__hover=\u00bbnull\u00bb button_one_text_size__hover_enabled=\u00bboff\u00bb button_one_text_size__hover=\u00bbnull\u00bb button_two_text_size__hover_enabled=\u00bboff\u00bb button_two_text_size__hover=\u00bbnull\u00bb button_text_color__hover_enabled=\u00bboff\u00bb button_text_color__hover=\u00bbnull\u00bb button_one_text_color__hover_enabled=\u00bboff\u00bb button_one_text_color__hover=\u00bbnull\u00bb button_two_text_color__hover_enabled=\u00bboff\u00bb button_two_text_color__hover=\u00bbnull\u00bb button_border_width__hover_enabled=\u00bboff\u00bb button_border_width__hover=\u00bbnull\u00bb button_one_border_width__hover_enabled=\u00bboff\u00bb button_one_border_width__hover=\u00bbnull\u00bb button_two_border_width__hover_enabled=\u00bboff\u00bb button_two_border_width__hover=\u00bbnull\u00bb button_border_color__hover_enabled=\u00bboff\u00bb button_border_color__hover=\u00bbnull\u00bb button_one_border_color__hover_enabled=\u00bboff\u00bb button_one_border_color__hover=\u00bbnull\u00bb button_two_border_color__hover_enabled=\u00bboff\u00bb button_two_border_color__hover=\u00bbnull\u00bb button_border_radius__hover_enabled=\u00bboff\u00bb button_border_radius__hover=\u00bbnull\u00bb button_one_border_radius__hover_enabled=\u00bboff\u00bb button_one_border_radius__hover=\u00bbnull\u00bb button_two_border_radius__hover_enabled=\u00bboff\u00bb button_two_border_radius__hover=\u00bbnull\u00bb button_letter_spacing__hover_enabled=\u00bboff\u00bb button_letter_spacing__hover=\u00bbnull\u00bb button_one_letter_spacing__hover_enabled=\u00bboff\u00bb button_one_letter_spacing__hover=\u00bbnull\u00bb button_two_letter_spacing__hover_enabled=\u00bboff\u00bb button_two_letter_spacing__hover=\u00bbnull\u00bb button_bg_color__hover_enabled=\u00bboff\u00bb button_bg_color__hover=\u00bbnull\u00bb button_one_bg_color__hover_enabled=\u00bboff\u00bb button_one_bg_color__hover=\u00bbnull\u00bb button_two_bg_color__hover_enabled=\u00bboff\u00bb [&hellip;]\" \/>\n<meta property=\"og:url\" content=\"https:\/\/fpsakanalh.educacion.navarra.es\/web\/nivel-2-deportes-de-montana-y-escalada\/\" \/>\n<meta property=\"og:site_name\" content=\"CIP Sakana\" \/>\n<meta property=\"article:modified_time\" content=\"2026-03-05T07:40:33+00:00\" \/>\n<meta name=\"twitter:card\" content=\"summary_large_image\" \/>\n<meta name=\"twitter:label1\" content=\"Tiempo de lectura\" \/>\n\t<meta name=\"twitter:data1\" content=\"8 minutos\" \/>\n<script type=\"application\/ld+json\" class=\"yoast-schema-graph\">{\"@context\":\"https:\/\/schema.org\",\"@graph\":[{\"@type\":\"WebPage\",\"@id\":\"https:\/\/fpsakanalh.educacion.navarra.es\/web\/nivel-2-deportes-de-montana-y-escalada\/\",\"url\":\"https:\/\/fpsakanalh.educacion.navarra.es\/web\/nivel-2-deportes-de-montana-y-escalada\/\",\"name\":\"Ciclo Final T\u00e9cnico Deportivo en Media Monta\u00f1a (TD2 Media Monta\u00f1a) - CIP Sakana\",\"isPartOf\":{\"@id\":\"https:\/\/fpsakanalh.educacion.navarra.es\/web\/#website\"},\"datePublished\":\"2018-12-12T15:10:26+00:00\",\"dateModified\":\"2026-03-05T07:40:33+00:00\",\"breadcrumb\":{\"@id\":\"https:\/\/fpsakanalh.educacion.navarra.es\/web\/nivel-2-deportes-de-montana-y-escalada\/#breadcrumb\"},\"inLanguage\":\"es\",\"potentialAction\":[{\"@type\":\"ReadAction\",\"target\":[\"https:\/\/fpsakanalh.educacion.navarra.es\/web\/nivel-2-deportes-de-montana-y-escalada\/\"]}]},{\"@type\":\"BreadcrumbList\",\"@id\":\"https:\/\/fpsakanalh.educacion.navarra.es\/web\/nivel-2-deportes-de-montana-y-escalada\/#breadcrumb\",\"itemListElement\":[{\"@type\":\"ListItem\",\"position\":1,\"name\":\"Portada\",\"item\":\"https:\/\/fpsakanalh.educacion.navarra.es\/web\/\"},{\"@type\":\"ListItem\",\"position\":2,\"name\":\"Ciclo Final T\u00e9cnico Deportivo en Media Monta\u00f1a (TD2 Media Monta\u00f1a)\"}]},{\"@type\":\"WebSite\",\"@id\":\"https:\/\/fpsakanalh.educacion.navarra.es\/web\/#website\",\"url\":\"https:\/\/fpsakanalh.educacion.navarra.es\/web\/\",\"name\":\"CIP Sakana\",\"description\":\"Sitio web del CIP Sakana\",\"potentialAction\":[{\"@type\":\"SearchAction\",\"target\":{\"@type\":\"EntryPoint\",\"urlTemplate\":\"https:\/\/fpsakanalh.educacion.navarra.es\/web\/?s={search_term_string}\"},\"query-input\":\"required name=search_term_string\"}],\"inLanguage\":\"es\"}]}<\/script>\n<!-- \/ Yoast SEO plugin. -->","yoast_head_json":{"title":"Ciclo Final T\u00e9cnico Deportivo en Media Monta\u00f1a (TD2 Media Monta\u00f1a) - CIP Sakana","robots":{"index":"index","follow":"follow","max-snippet":"max-snippet:-1","max-image-preview":"max-image-preview:large","max-video-preview":"max-video-preview:-1"},"canonical":"https:\/\/fpsakanalh.educacion.navarra.es\/web\/nivel-2-deportes-de-montana-y-escalada\/","og_locale":"es_ES","og_type":"article","og_title":"Ciclo Final T\u00e9cnico Deportivo en Media Monta\u00f1a (TD2 Media Monta\u00f1a) - CIP Sakana","og_description":"[et_pb_section fb_built=\u00bb1&#8243; fullwidth=\u00bbon\u00bb _builder_version=\u00bb3.22.7&#8243;][et_pb_fullwidth_slider show_arrows=\u00bboff\u00bb show_pagination=\u00bboff\u00bb _builder_version=\u00bb3.22.7&#8243; body_font=\u00bb|600|||||||\u00bb background_color=\u00bbrgba(85,156,173,0.5)\u00bb custom_button=\u00bbon\u00bb button_text_color=\u00bb#ffffff\u00bb button_bg_color=\u00bbrgba(85,156,173,0.39)\u00bb button_border_color=\u00bb#559cad\u00bb z_index_tablet=\u00bb500&#8243; button_text_size__hover_enabled=\u00bboff\u00bb button_text_size__hover=\u00bbnull\u00bb button_one_text_size__hover_enabled=\u00bboff\u00bb button_one_text_size__hover=\u00bbnull\u00bb button_two_text_size__hover_enabled=\u00bboff\u00bb button_two_text_size__hover=\u00bbnull\u00bb button_text_color__hover_enabled=\u00bboff\u00bb button_text_color__hover=\u00bbnull\u00bb button_one_text_color__hover_enabled=\u00bboff\u00bb button_one_text_color__hover=\u00bbnull\u00bb button_two_text_color__hover_enabled=\u00bboff\u00bb button_two_text_color__hover=\u00bbnull\u00bb button_border_width__hover_enabled=\u00bboff\u00bb button_border_width__hover=\u00bbnull\u00bb button_one_border_width__hover_enabled=\u00bboff\u00bb button_one_border_width__hover=\u00bbnull\u00bb button_two_border_width__hover_enabled=\u00bboff\u00bb button_two_border_width__hover=\u00bbnull\u00bb button_border_color__hover_enabled=\u00bboff\u00bb button_border_color__hover=\u00bbnull\u00bb button_one_border_color__hover_enabled=\u00bboff\u00bb button_one_border_color__hover=\u00bbnull\u00bb button_two_border_color__hover_enabled=\u00bboff\u00bb button_two_border_color__hover=\u00bbnull\u00bb button_border_radius__hover_enabled=\u00bboff\u00bb button_border_radius__hover=\u00bbnull\u00bb button_one_border_radius__hover_enabled=\u00bboff\u00bb button_one_border_radius__hover=\u00bbnull\u00bb button_two_border_radius__hover_enabled=\u00bboff\u00bb button_two_border_radius__hover=\u00bbnull\u00bb button_letter_spacing__hover_enabled=\u00bboff\u00bb button_letter_spacing__hover=\u00bbnull\u00bb button_one_letter_spacing__hover_enabled=\u00bboff\u00bb button_one_letter_spacing__hover=\u00bbnull\u00bb button_two_letter_spacing__hover_enabled=\u00bboff\u00bb button_two_letter_spacing__hover=\u00bbnull\u00bb button_bg_color__hover_enabled=\u00bboff\u00bb button_bg_color__hover=\u00bbnull\u00bb button_one_bg_color__hover_enabled=\u00bboff\u00bb button_one_bg_color__hover=\u00bbnull\u00bb button_two_bg_color__hover_enabled=\u00bboff\u00bb [&hellip;]","og_url":"https:\/\/fpsakanalh.educacion.navarra.es\/web\/nivel-2-deportes-de-montana-y-escalada\/","og_site_name":"CIP Sakana","article_modified_time":"2026-03-05T07:40:33+00:00","twitter_card":"summary_large_image","twitter_misc":{"Tiempo de lectura":"8 minutos"},"schema":{"@context":"https:\/\/schema.org","@graph":[{"@type":"WebPage","@id":"https:\/\/fpsakanalh.educacion.navarra.es\/web\/nivel-2-deportes-de-montana-y-escalada\/","url":"https:\/\/fpsakanalh.educacion.navarra.es\/web\/nivel-2-deportes-de-montana-y-escalada\/","name":"Ciclo Final T\u00e9cnico Deportivo en Media Monta\u00f1a (TD2 Media Monta\u00f1a) - CIP Sakana","isPartOf":{"@id":"https:\/\/fpsakanalh.educacion.navarra.es\/web\/#website"},"datePublished":"2018-12-12T15:10:26+00:00","dateModified":"2026-03-05T07:40:33+00:00","breadcrumb":{"@id":"https:\/\/fpsakanalh.educacion.navarra.es\/web\/nivel-2-deportes-de-montana-y-escalada\/#breadcrumb"},"inLanguage":"es","potentialAction":[{"@type":"ReadAction","target":["https:\/\/fpsakanalh.educacion.navarra.es\/web\/nivel-2-deportes-de-montana-y-escalada\/"]}]},{"@type":"BreadcrumbList","@id":"https:\/\/fpsakanalh.educacion.navarra.es\/web\/nivel-2-deportes-de-montana-y-escalada\/#breadcrumb","itemListElement":[{"@type":"ListItem","position":1,"name":"Portada","item":"https:\/\/fpsakanalh.educacion.navarra.es\/web\/"},{"@type":"ListItem","position":2,"name":"Ciclo Final T\u00e9cnico Deportivo en Media Monta\u00f1a (TD2 Media Monta\u00f1a)"}]},{"@type":"WebSite","@id":"https:\/\/fpsakanalh.educacion.navarra.es\/web\/#website","url":"https:\/\/fpsakanalh.educacion.navarra.es\/web\/","name":"CIP Sakana","description":"Sitio web del CIP Sakana","potentialAction":[{"@type":"SearchAction","target":{"@type":"EntryPoint","urlTemplate":"https:\/\/fpsakanalh.educacion.navarra.es\/web\/?s={search_term_string}"},"query-input":"required name=search_term_string"}],"inLanguage":"es"}]}},"_links":{"self":[{"href":"https:\/\/fpsakanalh.educacion.navarra.es\/web\/wp-json\/wp\/v2\/pages\/1548"}],"collection":[{"href":"https:\/\/fpsakanalh.educacion.navarra.es\/web\/wp-json\/wp\/v2\/pages"}],"about":[{"href":"https:\/\/fpsakanalh.educacion.navarra.es\/web\/wp-json\/wp\/v2\/types\/page"}],"author":[{"embeddable":true,"href":"https:\/\/fpsakanalh.educacion.navarra.es\/web\/wp-json\/wp\/v2\/users\/1"}],"replies":[{"embeddable":true,"href":"https:\/\/fpsakanalh.educacion.navarra.es\/web\/wp-json\/wp\/v2\/comments?post=1548"}],"version-history":[{"count":48,"href":"https:\/\/fpsakanalh.educacion.navarra.es\/web\/wp-json\/wp\/v2\/pages\/1548\/revisions"}],"predecessor-version":[{"id":9938,"href":"https:\/\/fpsakanalh.educacion.navarra.es\/web\/wp-json\/wp\/v2\/pages\/1548\/revisions\/9938"}],"wp:attachment":[{"href":"https:\/\/fpsakanalh.educacion.navarra.es\/web\/wp-json\/wp\/v2\/media?parent=1548"}],"curies":[{"name":"wp","href":"https:\/\/api.w.org\/{rel}","templated":true}]}}